{"id":105,"date":"2016-01-20T10:24:59","date_gmt":"2016-01-20T10:24:59","guid":{"rendered":"https:\/\/www.ecoledesurfdugolf.com\/?page_id=105"},"modified":"2026-04-03T09:55:36","modified_gmt":"2026-04-03T09:55:36","slug":"eco-responsabilite-surf-moliets","status":"publish","type":"page","link":"https:\/\/www.ecoledesurfdugolf.com\/de\/eco-responsabilite-surf-moliets\/","title":{"rendered":"\u00c9co-responsabilit\u00e9 et surf \u00e0 Moliets"},"content":{"rendered":"<div data-elementor-type=\"wp-page\" data-elementor-id=\"105\" class=\"elementor elementor-105\" data-elementor-post-type=\"page\">\n\t\t\t\t\t\t<section class=\"elementor-section elementor-top-section elementor-element elementor-element-10d51c5d elementor-section-height-min-height elementor-section-content-middle elementor-section-boxed elementor-section-height-default elementor-section-items-middle\" data-id=\"10d51c5d\" data-element_type=\"section\" data-e-type=\"section\" data-settings=\"{&quot;background_background&quot;:&quot;classic&quot;}\">\n\t\t\t\t\t\t\t<div class=\"elementor-background-overlay\"><\/div>\n\t\t\t\t\t\t\t<div class=\"elementor-container elementor-column-gap-default\">\n\t\t\t\t\t<div class=\"elementor-column elementor-col-100 elementor-top-column elementor-element elementor-element-b08ac14\" data-id=\"b08ac14\" data-element_type=\"column\" data-e-type=\"column\">\n\t\t\t<div class=\"elementor-widget-wrap\">\n\t\t\t\t\t\t\t<\/div>\n\t\t<\/div>\n\t\t\t\t\t<\/div>\n\t\t<\/section>\n\t\t\t\t<section class=\"elementor-section elementor-top-section elementor-element elementor-element-1bcd2c69 elementor-section-boxed elementor-section-height-default elementor-section-height-default\" data-id=\"1bcd2c69\" data-element_type=\"section\" data-e-type=\"section\">\n\t\t\t\t\t\t<div class=\"elementor-container elementor-column-gap-default\">\n\t\t\t\t\t<div class=\"elementor-column elementor-col-16 elementor-top-column elementor-element elementor-element-60573ddd\" data-id=\"60573ddd\" data-element_type=\"column\" data-e-type=\"column\">\n\t\t\t<div class=\"elementor-widget-wrap\">\n\t\t\t\t\t\t\t<\/div>\n\t\t<\/div>\n\t\t\t\t<div class=\"elementor-column elementor-col-66 elementor-top-column elementor-element elementor-element-4445bfc1\" data-id=\"4445bfc1\" data-element_type=\"column\" data-e-type=\"column\" data-settings=\"{&quot;background_background&quot;:&quot;classic&quot;}\">\n\t\t\t<div class=\"elementor-widget-wrap elementor-element-populated\">\n\t\t\t\t\t\t<div class=\"elementor-element elementor-element-3495caa5 elementor-widget-divider--view-line elementor-widget elementor-widget-divider\" data-id=\"3495caa5\" data-element_type=\"widget\" data-e-type=\"widget\" data-widget_type=\"divider.default\">\n\t\t\t\t<div class=\"elementor-widget-container\">\n\t\t\t\t\t\t\t<div class=\"elementor-divider\">\n\t\t\t<span class=\"elementor-divider-separator\">\n\t\t\t\t\t\t<\/span>\n\t\t<\/div>\n\t\t\t\t\t\t<\/div>\n\t\t\t\t<\/div>\n\t\t\t\t<div class=\"elementor-element elementor-element-702ffeb elementor-widget elementor-widget-heading\" data-id=\"702ffeb\" data-element_type=\"widget\" data-e-type=\"widget\" data-widget_type=\"heading.default\">\n\t\t\t\t<div class=\"elementor-widget-container\">\n\t\t\t\t\t<h1 class=\"elementor-heading-title elementor-size-default\">\u00c9co-responsabilit\u00e9 Surf \u00e0 Moliets | Protection Oc\u00e9an &amp; Plage des Ch\u00eanes Li\u00e8ges<\/h1>\t\t\t\t<\/div>\n\t\t\t\t<\/div>\n\t\t\t\t<div class=\"elementor-element elementor-element-79f985eb elementor-widget elementor-widget-text-editor\" data-id=\"79f985eb\" data-element_type=\"widget\" data-e-type=\"widget\" data-widget_type=\"text-editor.default\">\n\t\t\t\t<div class=\"elementor-widget-container\">\n\t\t\t\t\t\t\t\t\t<p dir=\"auto\">\u00c0 l\u2019\u00c9cole de Surf du Golf, <strong>l\u2019\u00e9co-responsabilit\u00e9 surf \u00e0 Moliets<\/strong> est bien plus qu\u2019un concept : c\u2019est un engagement quotidien et concret. Install\u00e9s directement sur la plage pr\u00e9serv\u00e9e des Ch\u00eanes Li\u00e8ges \u00e0 Moliets-et-Maa, nous vivons au contact permanent de l\u2019oc\u00e9an et nous agissons pour le prot\u00e9ger.<\/p>\n<p dir=\"auto\">Pourquoi <strong>l\u2019\u00e9co-responsabilit\u00e9 surf \u00e0 Moliets<\/strong> est essentielle pour nous ?<\/p>\n<p dir=\"auto\">Nous sommes convaincus que chaque surfeur et surfeuse a un r\u00f4le \u00e0 jouer dans la pr\u00e9servation du milieu marin. Plut\u00f4t que de pointer du doigt les pollueurs, nous pr\u00e9f\u00e9rons agir localement sur notre terrain de jeu : la magnifique plage des Ch\u00eanes Li\u00e8ges. Surfer de mani\u00e8re responsable, c\u2019est surfer mieux et plus longtemps<\/p>\t\t\t\t\t\t\t\t<\/div>\n\t\t\t\t<\/div>\n\t\t\t\t\t<\/div>\n\t\t<\/div>\n\t\t\t\t<div class=\"elementor-column elementor-col-16 elementor-top-column elementor-element elementor-element-65e4fe51\" data-id=\"65e4fe51\" data-element_type=\"column\" data-e-type=\"column\">\n\t\t\t<div class=\"elementor-widget-wrap\">\n\t\t\t\t\t\t\t<\/div>\n\t\t<\/div>\n\t\t\t\t\t<\/div>\n\t\t<\/section>\n\t\t\t\t<section class=\"elementor-section elementor-top-section elementor-element elementor-element-468ff76 elementor-section-full_width elementor-section-stretched elementor-section-height-default elementor-section-height-default\" data-id=\"468ff76\" data-element_type=\"section\" data-e-type=\"section\" data-settings=\"{&quot;stretch_section&quot;:&quot;section-stretched&quot;}\">\n\t\t\t\t\t\t<div class=\"elementor-container elementor-column-gap-default\">\n\t\t\t\t\t<div class=\"elementor-column elementor-col-25 elementor-top-column elementor-element elementor-element-1f13f55\" data-id=\"1f13f55\" data-element_type=\"column\" data-e-type=\"column\" data-settings=\"{&quot;background_background&quot;:&quot;classic&quot;}\">\n\t\t\t<div class=\"elementor-widget-wrap elementor-element-populated\">\n\t\t\t\t\t<div class=\"elementor-background-overlay\"><\/div>\n\t\t\t\t\t\t<div class=\"elementor-element elementor-element-2e2a34df elementor-widget elementor-widget-spacer\" data-id=\"2e2a34df\" data-element_type=\"widget\" data-e-type=\"widget\" data-widget_type=\"spacer.default\">\n\t\t\t\t<div class=\"elementor-widget-container\">\n\t\t\t\t\t\t\t<div class=\"elementor-spacer\">\n\t\t\t<div class=\"elementor-spacer-inner\"><\/div>\n\t\t<\/div>\n\t\t\t\t\t\t<\/div>\n\t\t\t\t<\/div>\n\t\t\t\t\t<\/div>\n\t\t<\/div>\n\t\t\t\t<div class=\"elementor-column elementor-col-50 elementor-top-column elementor-element elementor-element-76e77a3\" data-id=\"76e77a3\" data-element_type=\"column\" data-e-type=\"column\" data-settings=\"{&quot;background_background&quot;:&quot;classic&quot;}\">\n\t\t\t<div class=\"elementor-widget-wrap elementor-element-populated\">\n\t\t\t\t\t\t<div class=\"elementor-element elementor-element-f6a011c elementor-widget elementor-widget-heading\" data-id=\"f6a011c\" data-element_type=\"widget\" data-e-type=\"widget\" data-widget_type=\"heading.default\">\n\t\t\t\t<div class=\"elementor-widget-container\">\n\t\t\t\t\t<h2 class=\"elementor-heading-title elementor-size-large\">Unser Engagement spiegelt sich wider in:<\/h2>\t\t\t\t<\/div>\n\t\t\t\t<\/div>\n\t\t\t\t<div class=\"elementor-element elementor-element-8746620 elementor-widget elementor-widget-text-editor\" data-id=\"8746620\" data-element_type=\"widget\" data-e-type=\"widget\" data-widget_type=\"text-editor.default\">\n\t\t\t\t<div class=\"elementor-widget-container\">\n\t\t\t\t\t\t\t\t\t<p dir=\"auto\">Nos actions concr\u00e8tes pour un surf \u00e9co-responsable<\/p><p dir=\"auto\"><strong>L\u2019\u00e9co-responsabilit\u00e9 surf \u00e0 Moliets<\/strong> se traduit par des gestes quotidiens et des initiatives r\u00e9guli\u00e8res :<\/p><ul dir=\"auto\"><li>Organisation de <strong>ramassages de d\u00e9chets<\/strong> sur les plages de Moliets en partenariat avec la <strong>Surfrider-Stiftung<\/strong>.<\/li><li>Sensibilisation de tous nos \u00e9l\u00e8ves \u00e0 la <strong>protection du cordon dunaire<\/strong>, de la biodiversit\u00e9 locale et de la for\u00eat des Landes.<\/li><li>Utilisation exclusive de <strong>produits \u00e9co-responsables<\/strong> : wax biod\u00e9gradable, cr\u00e8me solaire min\u00e9rale, flyers et supports imprim\u00e9s sur papier recycl\u00e9 ou issu de for\u00eats g\u00e9r\u00e9es durablement.<\/li><li>Limitation du plastique \u00e0 usage unique et encouragement des gestes simples (ramasser les d\u00e9chets, respecter la faune marine\u2026).<\/li><\/ul>\t\t\t\t\t\t\t\t<\/div>\n\t\t\t\t<\/div>\n\t\t\t\t\t<\/div>\n\t\t<\/div>\n\t\t\t\t<div class=\"elementor-column elementor-col-25 elementor-top-column elementor-element elementor-element-72698ed\" data-id=\"72698ed\" data-element_type=\"column\" data-e-type=\"column\" data-settings=\"{&quot;background_background&quot;:&quot;classic&quot;}\">\n\t\t\t<div class=\"elementor-widget-wrap elementor-element-populated\">\n\t\t\t\t\t<div class=\"elementor-background-overlay\"><\/div>\n\t\t\t\t\t\t<div class=\"elementor-element elementor-element-5fafddb elementor-widget elementor-widget-spacer\" data-id=\"5fafddb\" data-element_type=\"widget\" data-e-type=\"widget\" data-widget_type=\"spacer.default\">\n\t\t\t\t<div class=\"elementor-widget-container\">\n\t\t\t\t\t\t\t<div class=\"elementor-spacer\">\n\t\t\t<div class=\"elementor-spacer-inner\"><\/div>\n\t\t<\/div>\n\t\t\t\t\t\t<\/div>\n\t\t\t\t<\/div>\n\t\t\t\t\t<\/div>\n\t\t<\/div>\n\t\t\t\t\t<\/div>\n\t\t<\/section>\n\t\t\t\t<section class=\"elementor-section elementor-top-section elementor-element elementor-element-55c527bf elementor-section-boxed elementor-section-height-default elementor-section-height-default\" data-id=\"55c527bf\" data-element_type=\"section\" data-e-type=\"section\" data-settings=\"{&quot;background_background&quot;:&quot;none&quot;}\">\n\t\t\t\t\t\t<div class=\"elementor-container elementor-column-gap-default\">\n\t\t\t\t\t<div class=\"elementor-column elementor-col-100 elementor-top-column elementor-element elementor-element-4191b52\" data-id=\"4191b52\" data-element_type=\"column\" data-e-type=\"column\">\n\t\t\t<div class=\"elementor-widget-wrap elementor-element-populated\">\n\t\t\t\t\t\t<div class=\"elementor-element elementor-element-74897d5f elementor-widget elementor-widget-heading\" data-id=\"74897d5f\" data-element_type=\"widget\" data-e-type=\"widget\" data-widget_type=\"heading.default\">\n\t\t\t\t<div class=\"elementor-widget-container\">\n\t\t\t\t\t<h2 class=\"elementor-heading-title elementor-size-medium\">L\u2019\u00c9cole de Surf du Golf est fi\u00e8re d\u2019\u00eatre adh\u00e9rente \u00e0 la Surfrider Foundation. Cette association internationale lutte activement contre la pollution plastique, pour la qualit\u00e9 de l\u2019eau et la pr\u00e9servation du littoral. Nous participons \u00e0 leurs Initiatives Oc\u00e9anes et relayons leurs campagnes aupr\u00e8s de nos stagiaires et de leurs familles.\nUn enseignement qui va au-del\u00e0 de la technique\nLors de vos cours et stages, nos moniteurs dipl\u00f4m\u00e9s vous transmettent non seulement les bases et les progr\u00e8s en surf, mais aussi le respect profond de l\u2019environnement. Comprendre les mar\u00e9es, les courants, l\u2019importance du cordon dunaire et l\u2019impact de nos gestes fait partie int\u00e9grante de notre p\u00e9dagogie.\n\nRejoignez une \u00e9cole qui allie plaisir du surf et \u00e9co-responsabilit\u00e9 surf moliets.\nR\u00e9servez votre stage ou cours et participez activement \u00e0 la protection de notre oc\u00e9an sur la plage des Ch\u00eanes Li\u00e8ges.\n\u2192 R\u00e9server en ligne avec planning\n\u2192 D\u00e9couvrir notre \u00e9cole<\/h2>\t\t\t\t<\/div>\n\t\t\t\t<\/div>\n\t\t\t\t\t\t\t\t<p class=\"e-paragraph-base\" data-interaction-id=\"c6f603a\"  data-e-type=\"widget\" data-id=\"c6f603a\">\n\t\t\t\t\t\t\t\tGib hier deinen Absatz ein\n\t\t\t\t\t<\/p>\n\t\t\t\t<div class=\"elementor-element elementor-element-3ece79a4 elementor-arrows-position-inside elementor-widget elementor-widget-image-carousel\" data-id=\"3ece79a4\" data-element_type=\"widget\" data-e-type=\"widget\" data-settings=\"{&quot;slides_to_show&quot;:&quot;3&quot;,&quot;navigation&quot;:&quot;arrows&quot;,&quot;slides_to_show_mobile&quot;:&quot;1&quot;,&quot;slides_to_show_tablet&quot;:&quot;3&quot;,&quot;slides_to_scroll&quot;:&quot;1&quot;,&quot;_animation&quot;:&quot;none&quot;,&quot;autoplay&quot;:&quot;yes&quot;,&quot;pause_on_hover&quot;:&quot;yes&quot;,&quot;pause_on_interaction&quot;:&quot;yes&quot;,&quot;autoplay_speed&quot;:5000,&quot;infinite&quot;:&quot;yes&quot;,&quot;speed&quot;:500}\" data-widget_type=\"image-carousel.default\">\n\t\t\t\t<div class=\"elementor-widget-container\">\n\t\t\t\t\t\t\t<div class=\"elementor-image-carousel-wrapper swiper\" role=\"region\" aria-roledescription=\"carousel\" aria-label=\"Bilderkarussell\" dir=\"ltr\">\n\t\t\t<div class=\"elementor-image-carousel swiper-wrapper\" aria-live=\"off\">\n\t\t\t\t\t\t\t\t<div class=\"swiper-slide\" role=\"group\" aria-roledescription=\"slide\" aria-label=\"1 sur 3\"><figure class=\"swiper-slide-inner\"><img decoding=\"async\" class=\"swiper-slide-image\" src=\"https:\/\/www.ecoledesurfdugolf.com\/content\/uploads\/logo-surf-rider-150x150.png\" alt=\"Surf-Rider-Logo\" \/><\/figure><\/div><div class=\"swiper-slide\" role=\"group\" aria-roledescription=\"slide\" aria-label=\"2 sur 3\"><figure class=\"swiper-slide-inner\"><img decoding=\"async\" class=\"swiper-slide-image\" src=\"https:\/\/www.ecoledesurfdugolf.com\/content\/uploads\/Unknown-150x150.png\" alt=\"Unbekannt\" \/><\/figure><\/div><div class=\"swiper-slide\" role=\"group\" aria-roledescription=\"slide\" aria-label=\"3 sur 3\"><figure class=\"swiper-slide-inner\"><img decoding=\"async\" class=\"swiper-slide-image\" src=\"https:\/\/www.ecoledesurfdugolf.com\/content\/uploads\/recyclage-150x150.png\" alt=\"Recycling\" \/><\/figure><\/div>\t\t\t<\/div>\n\t\t\t\t\t\t\t\t\t\t\t\t<div class=\"elementor-swiper-button elementor-swiper-button-prev\" role=\"button\" tabindex=\"0\">\n\t\t\t\t\t\t<i aria-hidden=\"true\" class=\"eicon-chevron-left\"><\/i>\t\t\t\t\t<\/div>\n\t\t\t\t\t<div class=\"elementor-swiper-button elementor-swiper-button-next\" role=\"button\" tabindex=\"0\">\n\t\t\t\t\t\t<i aria-hidden=\"true\" class=\"eicon-chevron-right\"><\/i>\t\t\t\t\t<\/div>\n\t\t\t\t\n\t\t\t\t\t\t\t\t\t<\/div>\n\t\t\t\t\t\t<\/div>\n\t\t\t\t<\/div>\n\t\t\t\t\t<\/div>\n\t\t<\/div>\n\t\t\t\t\t<\/div>\n\t\t<\/section>\n\t\t\t\t<\/div>","protected":false},"excerpt":{"rendered":"<p>\u00c9co-responsabilit\u00e9 Surf \u00e0 Moliets | Protection Oc\u00e9an &amp; Plage des Ch\u00eanes Li\u00e8ges \u00c0 l\u2019\u00c9cole de Surf du Golf, l\u2019\u00e9co-responsabilit\u00e9 surf \u00e0 Moliets est bien plus qu\u2019un concept : c\u2019est un engagement quotidien et concret. Install\u00e9s directement sur la plage pr\u00e9serv\u00e9e des Ch\u00eanes Li\u00e8ges \u00e0 Moliets-et-Maa, nous vivons au contact permanent de l\u2019oc\u00e9an et nous agissons [&hellip;]<\/p>\n","protected":false},"author":1,"featured_media":164,"parent":0,"menu_order":0,"comment_status":"closed","ping_status":"closed","template":"","meta":{"ocean_post_layout":"full-screen","ocean_both_sidebars_style":"","ocean_both_sidebars_content_width":0,"ocean_both_sidebars_sidebars_width":0,"ocean_sidebar":"0","ocean_second_sidebar":"0","ocean_disable_margins":"enable","ocean_add_body_class":"","ocean_shortcode_before_top_bar":"","ocean_shortcode_after_top_bar":"","ocean_shortcode_before_header":"","ocean_shortcode_after_header":"","ocean_has_shortcode":"","ocean_shortcode_after_title":"","ocean_shortcode_before_footer_widgets":"","ocean_shortcode_after_footer_widgets":"","ocean_shortcode_before_footer_bottom":"","ocean_shortcode_after_footer_bottom":"","ocean_display_top_bar":"off","ocean_display_header":"on","ocean_header_style":"","ocean_center_header_left_menu":"0","ocean_custom_header_template":"0","ocean_custom_logo":0,"ocean_custom_retina_logo":0,"ocean_custom_logo_max_width":0,"ocean_custom_logo_tablet_max_width":0,"ocean_custom_logo_mobile_max_width":0,"ocean_custom_logo_max_height":0,"ocean_custom_logo_tablet_max_height":0,"ocean_custom_logo_mobile_max_height":0,"ocean_header_custom_menu":"0","ocean_menu_typo_font_family":"Poppins","ocean_menu_typo_font_subset":"","ocean_menu_typo_font_size":0,"ocean_menu_typo_font_size_tablet":0,"ocean_menu_typo_font_size_mobile":0,"ocean_menu_typo_font_size_unit":"px","ocean_menu_typo_font_weight":"","ocean_menu_typo_font_weight_tablet":"","ocean_menu_typo_font_weight_mobile":"","ocean_menu_typo_transform":"","ocean_menu_typo_transform_tablet":"","ocean_menu_typo_transform_mobile":"","ocean_menu_typo_line_height":0,"ocean_menu_typo_line_height_tablet":0,"ocean_menu_typo_line_height_mobile":0,"ocean_menu_typo_line_height_unit":"","ocean_menu_typo_spacing":0,"ocean_menu_typo_spacing_tablet":0,"ocean_menu_typo_spacing_mobile":0,"ocean_menu_typo_spacing_unit":"","ocean_menu_link_color":"","ocean_menu_link_color_hover":"","ocean_menu_link_color_active":"","ocean_menu_link_background":"","ocean_menu_link_hover_background":"","ocean_menu_link_active_background":"","ocean_menu_social_links_bg":"","ocean_menu_social_hover_links_bg":"","ocean_menu_social_links_color":"","ocean_menu_social_hover_links_color":"","ocean_disable_title":"on","ocean_disable_heading":"default","ocean_post_title":"","ocean_post_subheading":"","ocean_post_title_style":"","ocean_post_title_background_color":"","ocean_post_title_background":0,"ocean_post_title_bg_image_position":"","ocean_post_title_bg_image_attachment":"","ocean_post_title_bg_image_repeat":"","ocean_post_title_bg_image_size":"","ocean_post_title_height":0,"ocean_post_title_bg_overlay":0.5,"ocean_post_title_bg_overlay_color":"","ocean_disable_breadcrumbs":"off","ocean_breadcrumbs_color":"","ocean_breadcrumbs_separator_color":"","ocean_breadcrumbs_links_color":"","ocean_breadcrumbs_links_hover_color":"","ocean_display_footer_widgets":"off","ocean_display_footer_bottom":"on","ocean_custom_footer_template":"0","footnotes":""},"class_list":["post-105","page","type-page","status-publish","has-post-thumbnail","hentry","entry","has-media"],"yoast_head":"<!-- This site is optimized with the Yoast SEO Premium plugin v27.4 (Yoast SEO v27.4) - https:\/\/yoast.com\/product\/yoast-seo-premium-wordpress\/ -->\n<title>\u00c9co-responsabilit\u00e9 et surf \u00e0 Moliets : notre vision<\/title>\n<meta name=\"description\" content=\"D\u00e9couvrez l&#039;\u00e9co-responsabilit\u00e9 et surf \u00e0 Moliets. Engagez-vous pour la protection de l&#039;oc\u00e9an avec notre \u00e9cole de surf.\" \/>\n<meta name=\"robots\" content=\"index, follow, max-snippet:-1, max-image-preview:large, max-video-preview:-1\" \/>\n<link rel=\"canonical\" href=\"https:\/\/www.ecoledesurfdugolf.com\/de\/eco-responsabilite-surf-moliets\/\" \/>\n<meta property=\"og:locale\" content=\"de_DE\" \/>\n<meta property=\"og:type\" content=\"article\" \/>\n<meta property=\"og:title\" content=\"\u00c9co-responsabilit\u00e9 surf Moliets : Prot\u00e9ger l&#039;Oc\u00e9an\" \/>\n<meta property=\"og:description\" content=\"D\u00e9couvrez l&#039;\u00e9co-responsabilit\u00e9 surf Moliets et comment nous prot\u00e9geons l&#039;oc\u00e9an en savourant chaque session de surf.\" \/>\n<meta property=\"og:url\" content=\"https:\/\/www.ecoledesurfdugolf.com\/de\/eco-responsabilite-surf-moliets\/\" \/>\n<meta property=\"og:site_name\" content=\"\u00c9cole de surf du Golf\" \/>\n<meta property=\"article:publisher\" content=\"https:\/\/facebook.com\/ecoledesurfdugolf\" \/>\n<meta property=\"article:modified_time\" content=\"2026-04-03T09:55:36+00:00\" \/>\n<meta property=\"og:image\" content=\"https:\/\/www.ecoledesurfdugolf.com\/content\/uploads\/engagement-eco-responsable-1.jpg\" \/>\n\t<meta property=\"og:image:width\" content=\"1440\" \/>\n\t<meta property=\"og:image:height\" content=\"649\" \/>\n\t<meta property=\"og:image:type\" content=\"image\/jpeg\" \/>\n<meta name=\"twitter:card\" content=\"summary_large_image\" \/>\n<meta name=\"twitter:title\" content=\"\u00e9cole de surf du golf \u00e0 Moliets \u00c9co-responsabilit\u00e9 et surf \u00e0 Moliets\" \/>\n<meta name=\"twitter:description\" content=\"\u00e9cole de surf du golf \u00e0 Moliets\" \/>\n<meta name=\"twitter:label1\" content=\"Gesch\u00e4tzte Lesezeit\" \/>\n\t<meta name=\"twitter:data1\" content=\"4\u00a0Minuten\" \/>\n<script type=\"application\/ld+json\" class=\"yoast-schema-graph\">{\"@context\":\"https:\\\/\\\/schema.org\",\"@graph\":[{\"@type\":[\"Article\",\"SocialMediaPosting\"],\"@id\":\"https:\\\/\\\/www.ecoledesurfdugolf.com\\\/eco-responsabilite-surf-moliets\\\/#article\",\"isPartOf\":{\"@id\":\"https:\\\/\\\/www.ecoledesurfdugolf.com\\\/eco-responsabilite-surf-moliets\\\/\"},\"author\":{\"name\":\"Ec0l3duG0lf\",\"@id\":\"https:\\\/\\\/www.ecoledesurfdugolf.com\\\/#\\\/schema\\\/person\\\/f7c6bb018a7b7f42651f2b7700473f06\"},\"headline\":\"\u00c9co-responsabilit\u00e9 et surf \u00e0 Moliets\",\"datePublished\":\"2016-01-20T10:24:59+00:00\",\"dateModified\":\"2026-04-03T09:55:36+00:00\",\"mainEntityOfPage\":{\"@id\":\"https:\\\/\\\/www.ecoledesurfdugolf.com\\\/eco-responsabilite-surf-moliets\\\/\"},\"wordCount\":425,\"publisher\":{\"@id\":\"https:\\\/\\\/www.ecoledesurfdugolf.com\\\/#organization\"},\"image\":{\"@id\":\"https:\\\/\\\/www.ecoledesurfdugolf.com\\\/eco-responsabilite-surf-moliets\\\/#primaryimage\"},\"thumbnailUrl\":\"https:\\\/\\\/www.ecoledesurfdugolf.com\\\/content\\\/uploads\\\/engagement-eco-responsable-1.jpg\",\"inLanguage\":\"de\"},{\"@type\":\"WebPage\",\"@id\":\"https:\\\/\\\/www.ecoledesurfdugolf.com\\\/eco-responsabilite-surf-moliets\\\/\",\"url\":\"https:\\\/\\\/www.ecoledesurfdugolf.com\\\/eco-responsabilite-surf-moliets\\\/\",\"name\":\"\u00c9co-responsabilit\u00e9 et surf \u00e0 Moliets : notre vision\",\"isPartOf\":{\"@id\":\"https:\\\/\\\/www.ecoledesurfdugolf.com\\\/#website\"},\"primaryImageOfPage\":{\"@id\":\"https:\\\/\\\/www.ecoledesurfdugolf.com\\\/eco-responsabilite-surf-moliets\\\/#primaryimage\"},\"image\":{\"@id\":\"https:\\\/\\\/www.ecoledesurfdugolf.com\\\/eco-responsabilite-surf-moliets\\\/#primaryimage\"},\"thumbnailUrl\":\"https:\\\/\\\/www.ecoledesurfdugolf.com\\\/content\\\/uploads\\\/engagement-eco-responsable-1.jpg\",\"datePublished\":\"2016-01-20T10:24:59+00:00\",\"dateModified\":\"2026-04-03T09:55:36+00:00\",\"description\":\"D\u00e9couvrez l'\u00e9co-responsabilit\u00e9 et surf \u00e0 Moliets. Engagez-vous pour la protection de l'oc\u00e9an avec notre \u00e9cole de surf.\",\"breadcrumb\":{\"@id\":\"https:\\\/\\\/www.ecoledesurfdugolf.com\\\/eco-responsabilite-surf-moliets\\\/#breadcrumb\"},\"inLanguage\":\"de\",\"potentialAction\":[{\"@type\":\"ReadAction\",\"target\":[\"https:\\\/\\\/www.ecoledesurfdugolf.com\\\/eco-responsabilite-surf-moliets\\\/\"]}]},{\"@type\":\"ImageObject\",\"inLanguage\":\"de\",\"@id\":\"https:\\\/\\\/www.ecoledesurfdugolf.com\\\/eco-responsabilite-surf-moliets\\\/#primaryimage\",\"url\":\"https:\\\/\\\/www.ecoledesurfdugolf.com\\\/content\\\/uploads\\\/engagement-eco-responsable-1.jpg\",\"contentUrl\":\"https:\\\/\\\/www.ecoledesurfdugolf.com\\\/content\\\/uploads\\\/engagement-eco-responsable-1.jpg\",\"width\":1440,\"height\":649},{\"@type\":\"BreadcrumbList\",\"@id\":\"https:\\\/\\\/www.ecoledesurfdugolf.com\\\/eco-responsabilite-surf-moliets\\\/#breadcrumb\",\"itemListElement\":[{\"@type\":\"ListItem\",\"position\":1,\"name\":\"Accueil\",\"item\":\"https:\\\/\\\/www.ecoledesurfdugolf.com\\\/\"},{\"@type\":\"ListItem\",\"position\":2,\"name\":\"\u00c9co-responsabilit\u00e9 et surf \u00e0 Moliets\"}]},{\"@type\":\"WebSite\",\"@id\":\"https:\\\/\\\/www.ecoledesurfdugolf.com\\\/#website\",\"url\":\"https:\\\/\\\/www.ecoledesurfdugolf.com\\\/\",\"name\":\"\u00c9cole de surf du Golf\",\"description\":\"L&#039;\u00e9cole de surf de Moliets-et-Ma\u00e2\",\"publisher\":{\"@id\":\"https:\\\/\\\/www.ecoledesurfdugolf.com\\\/#organization\"},\"potentialAction\":[{\"@type\":\"SearchAction\",\"target\":{\"@type\":\"EntryPoint\",\"urlTemplate\":\"https:\\\/\\\/www.ecoledesurfdugolf.com\\\/?s={search_term_string}\"},\"query-input\":{\"@type\":\"PropertyValueSpecification\",\"valueRequired\":true,\"valueName\":\"search_term_string\"}}],\"inLanguage\":\"de\"},{\"@type\":[\"Organization\",\"Place\"],\"@id\":\"https:\\\/\\\/www.ecoledesurfdugolf.com\\\/#organization\",\"name\":\"Ecole de surf du golf\",\"alternateName\":\"Moliets South Beach\",\"url\":\"https:\\\/\\\/www.ecoledesurfdugolf.com\\\/\",\"logo\":{\"@id\":\"https:\\\/\\\/www.ecoledesurfdugolf.com\\\/eco-responsabilite-surf-moliets\\\/#local-main-organization-logo\"},\"image\":{\"@id\":\"https:\\\/\\\/www.ecoledesurfdugolf.com\\\/eco-responsabilite-surf-moliets\\\/#local-main-organization-logo\"},\"sameAs\":[\"https:\\\/\\\/facebook.com\\\/ecoledesurfdugolf\",\"https:\\\/\\\/instagram.com\\\/ecoledesurfgolf\",\"https:\\\/\\\/share.google\\\/rUQ5pFZGXw07loAyc\"],\"description\":\"L\u2019\u00c9cole de Surf du Golf est une \u00e9cole de surf familiale et conviviale install\u00e9e sur la plage pr\u00e9serv\u00e9e des Ch\u00eanes-Li\u00e8ges \u00e0 Moliets-et-Maa (Landes). Depuis 2015, nous proposons des cours de surf, stages et locations de mat\u00e9riel pour d\u00e9butants et confirm\u00e9s, dans une ambiance chaleureuse et respectueuse de l\u2019oc\u00e9an.\",\"legalName\":\"Reine Camille\",\"foundingDate\":\"2015-06-01\",\"numberOfEmployees\":{\"@type\":\"QuantitativeValue\",\"minValue\":\"1\",\"maxValue\":\"10\"},\"address\":{\"@id\":\"https:\\\/\\\/www.ecoledesurfdugolf.com\\\/eco-responsabilite-surf-moliets\\\/#local-main-place-address\"},\"geo\":{\"@type\":\"GeoCoordinates\",\"latitude\":\"43.843192972549225\",\"longitude\":\"-1.3866883762816145\"},\"telephone\":[],\"contactPoint\":{\"@type\":\"ContactPoint\",\"telephone\":\"06 74 36 54 67\",\"email\":\"surfingolfmoliets@gmail.com\"},\"openingHoursSpecification\":[{\"@type\":\"OpeningHoursSpecification\",\"dayOfWeek\":[\"Monday\",\"Tuesday\",\"Wednesday\",\"Thursday\",\"Friday\",\"Saturday\",\"Sunday\"],\"opens\":\"09:00\",\"closes\":\"17:00\"}],\"vatID\":\"FR53504841396\",\"taxID\":\"50484139600030\"},{\"@type\":\"Person\",\"@id\":\"https:\\\/\\\/www.ecoledesurfdugolf.com\\\/#\\\/schema\\\/person\\\/f7c6bb018a7b7f42651f2b7700473f06\",\"name\":\"Ec0l3duG0lf\",\"image\":{\"@type\":\"ImageObject\",\"inLanguage\":\"de\",\"@id\":\"https:\\\/\\\/secure.gravatar.com\\\/avatar\\\/00243d0e292bf25c1a56206852fb872547e89f7b28e8db07bacc2d417dda934b?s=96&d=mm&r=g\",\"url\":\"https:\\\/\\\/secure.gravatar.com\\\/avatar\\\/00243d0e292bf25c1a56206852fb872547e89f7b28e8db07bacc2d417dda934b?s=96&d=mm&r=g\",\"contentUrl\":\"https:\\\/\\\/secure.gravatar.com\\\/avatar\\\/00243d0e292bf25c1a56206852fb872547e89f7b28e8db07bacc2d417dda934b?s=96&d=mm&r=g\",\"caption\":\"Ec0l3duG0lf\"},\"url\":\"https:\\\/\\\/www.ecoledesurfdugolf.com\\\/de\\\/author\\\/ec0l3dug0lf\\\/\"},{\"@type\":\"PostalAddress\",\"@id\":\"https:\\\/\\\/www.ecoledesurfdugolf.com\\\/eco-responsabilite-surf-moliets\\\/#local-main-place-address\",\"streetAddress\":\"Rue Br\u00e9montier\",\"addressLocality\":\"MOLIETS-ET-MAA\",\"postalCode\":\"40660\",\"addressCountry\":\"FR\"},{\"@type\":\"ImageObject\",\"inLanguage\":\"de\",\"@id\":\"https:\\\/\\\/www.ecoledesurfdugolf.com\\\/eco-responsabilite-surf-moliets\\\/#local-main-organization-logo\",\"url\":\"https:\\\/\\\/www.ecoledesurfdugolf.com\\\/content\\\/uploads\\\/cropped-cropped-cropped-2_MSB3_blanc_color1_vide.png\",\"contentUrl\":\"https:\\\/\\\/www.ecoledesurfdugolf.com\\\/content\\\/uploads\\\/cropped-cropped-cropped-2_MSB3_blanc_color1_vide.png\",\"width\":3610,\"height\":3610,\"caption\":\"Ecole de surf du golf\"}]}<\/script>\n<meta name=\"geo.placename\" content=\"MOLIETS-ET-MAA\" \/>\n<meta name=\"geo.position\" content=\"43.843192972549225;-1.3866883762816145\" \/>\n<meta name=\"geo.region\" content=\"Frankreich\" \/>\n<!-- \/ Yoast SEO Premium plugin. -->","yoast_head_json":{"title":"\u00c9co-responsabilit\u00e9 et surf \u00e0 Moliets : notre vision","description":"D\u00e9couvrez l'\u00e9co-responsabilit\u00e9 et surf \u00e0 Moliets. Engagez-vous pour la protection de l'oc\u00e9an avec notre \u00e9cole de surf.","robots":{"index":"index","follow":"follow","max-snippet":"max-snippet:-1","max-image-preview":"max-image-preview:large","max-video-preview":"max-video-preview:-1"},"canonical":"https:\/\/www.ecoledesurfdugolf.com\/de\/eco-responsabilite-surf-moliets\/","og_locale":"de_DE","og_type":"article","og_title":"\u00c9co-responsabilit\u00e9 surf Moliets : Prot\u00e9ger l'Oc\u00e9an","og_description":"D\u00e9couvrez l'\u00e9co-responsabilit\u00e9 surf Moliets et comment nous prot\u00e9geons l'oc\u00e9an en savourant chaque session de surf.","og_url":"https:\/\/www.ecoledesurfdugolf.com\/de\/eco-responsabilite-surf-moliets\/","og_site_name":"\u00c9cole de surf du Golf","article_publisher":"https:\/\/facebook.com\/ecoledesurfdugolf","article_modified_time":"2026-04-03T09:55:36+00:00","og_image":[{"width":1440,"height":649,"url":"https:\/\/www.ecoledesurfdugolf.com\/content\/uploads\/engagement-eco-responsable-1.jpg","type":"image\/jpeg"}],"twitter_card":"summary_large_image","twitter_title":"\u00e9cole de surf du golf \u00e0 Moliets \u00c9co-responsabilit\u00e9 et surf \u00e0 Moliets","twitter_description":"\u00e9cole de surf du golf \u00e0 Moliets","twitter_misc":{"Gesch\u00e4tzte Lesezeit":"4\u00a0Minuten"},"schema":{"@context":"https:\/\/schema.org","@graph":[{"@type":["Article","SocialMediaPosting"],"@id":"https:\/\/www.ecoledesurfdugolf.com\/eco-responsabilite-surf-moliets\/#article","isPartOf":{"@id":"https:\/\/www.ecoledesurfdugolf.com\/eco-responsabilite-surf-moliets\/"},"author":{"name":"Ec0l3duG0lf","@id":"https:\/\/www.ecoledesurfdugolf.com\/#\/schema\/person\/f7c6bb018a7b7f42651f2b7700473f06"},"headline":"\u00c9co-responsabilit\u00e9 et surf \u00e0 Moliets","datePublished":"2016-01-20T10:24:59+00:00","dateModified":"2026-04-03T09:55:36+00:00","mainEntityOfPage":{"@id":"https:\/\/www.ecoledesurfdugolf.com\/eco-responsabilite-surf-moliets\/"},"wordCount":425,"publisher":{"@id":"https:\/\/www.ecoledesurfdugolf.com\/#organization"},"image":{"@id":"https:\/\/www.ecoledesurfdugolf.com\/eco-responsabilite-surf-moliets\/#primaryimage"},"thumbnailUrl":"https:\/\/www.ecoledesurfdugolf.com\/content\/uploads\/engagement-eco-responsable-1.jpg","inLanguage":"de"},{"@type":"WebPage","@id":"https:\/\/www.ecoledesurfdugolf.com\/eco-responsabilite-surf-moliets\/","url":"https:\/\/www.ecoledesurfdugolf.com\/eco-responsabilite-surf-moliets\/","name":"\u00c9co-responsabilit\u00e9 et surf \u00e0 Moliets : notre vision","isPartOf":{"@id":"https:\/\/www.ecoledesurfdugolf.com\/#website"},"primaryImageOfPage":{"@id":"https:\/\/www.ecoledesurfdugolf.com\/eco-responsabilite-surf-moliets\/#primaryimage"},"image":{"@id":"https:\/\/www.ecoledesurfdugolf.com\/eco-responsabilite-surf-moliets\/#primaryimage"},"thumbnailUrl":"https:\/\/www.ecoledesurfdugolf.com\/content\/uploads\/engagement-eco-responsable-1.jpg","datePublished":"2016-01-20T10:24:59+00:00","dateModified":"2026-04-03T09:55:36+00:00","description":"D\u00e9couvrez l'\u00e9co-responsabilit\u00e9 et surf \u00e0 Moliets. Engagez-vous pour la protection de l'oc\u00e9an avec notre \u00e9cole de surf.","breadcrumb":{"@id":"https:\/\/www.ecoledesurfdugolf.com\/eco-responsabilite-surf-moliets\/#breadcrumb"},"inLanguage":"de","potentialAction":[{"@type":"ReadAction","target":["https:\/\/www.ecoledesurfdugolf.com\/eco-responsabilite-surf-moliets\/"]}]},{"@type":"ImageObject","inLanguage":"de","@id":"https:\/\/www.ecoledesurfdugolf.com\/eco-responsabilite-surf-moliets\/#primaryimage","url":"https:\/\/www.ecoledesurfdugolf.com\/content\/uploads\/engagement-eco-responsable-1.jpg","contentUrl":"https:\/\/www.ecoledesurfdugolf.com\/content\/uploads\/engagement-eco-responsable-1.jpg","width":1440,"height":649},{"@type":"BreadcrumbList","@id":"https:\/\/www.ecoledesurfdugolf.com\/eco-responsabilite-surf-moliets\/#breadcrumb","itemListElement":[{"@type":"ListItem","position":1,"name":"Accueil","item":"https:\/\/www.ecoledesurfdugolf.com\/"},{"@type":"ListItem","position":2,"name":"\u00c9co-responsabilit\u00e9 et surf \u00e0 Moliets"}]},{"@type":"WebSite","@id":"https:\/\/www.ecoledesurfdugolf.com\/#website","url":"https:\/\/www.ecoledesurfdugolf.com\/","name":"Golf Surf Schule","description":"Die Surfschule Moliets-et-Ma\u00e2","publisher":{"@id":"https:\/\/www.ecoledesurfdugolf.com\/#organization"},"potentialAction":[{"@type":"SearchAction","target":{"@type":"EntryPoint","urlTemplate":"https:\/\/www.ecoledesurfdugolf.com\/?s={search_term_string}"},"query-input":{"@type":"PropertyValueSpecification","valueRequired":true,"valueName":"search_term_string"}}],"inLanguage":"de"},{"@type":["Organization","Place"],"@id":"https:\/\/www.ecoledesurfdugolf.com\/#organization","name":"Ecole de surf du golf","alternateName":"Moliets South Beach","url":"https:\/\/www.ecoledesurfdugolf.com\/","logo":{"@id":"https:\/\/www.ecoledesurfdugolf.com\/eco-responsabilite-surf-moliets\/#local-main-organization-logo"},"image":{"@id":"https:\/\/www.ecoledesurfdugolf.com\/eco-responsabilite-surf-moliets\/#local-main-organization-logo"},"sameAs":["https:\/\/facebook.com\/ecoledesurfdugolf","https:\/\/instagram.com\/ecoledesurfgolf","https:\/\/share.google\/rUQ5pFZGXw07loAyc"],"description":"L\u2019\u00c9cole de Surf du Golf est une \u00e9cole de surf familiale et conviviale install\u00e9e sur la plage pr\u00e9serv\u00e9e des Ch\u00eanes-Li\u00e8ges \u00e0 Moliets-et-Maa (Landes). Depuis 2015, nous proposons des cours de surf, stages et locations de mat\u00e9riel pour d\u00e9butants et confirm\u00e9s, dans une ambiance chaleureuse et respectueuse de l\u2019oc\u00e9an.","legalName":"Reine Camille","foundingDate":"2015-06-01","numberOfEmployees":{"@type":"QuantitativeValue","minValue":"1","maxValue":"10"},"address":{"@id":"https:\/\/www.ecoledesurfdugolf.com\/eco-responsabilite-surf-moliets\/#local-main-place-address"},"geo":{"@type":"GeoCoordinates","latitude":"43.843192972549225","longitude":"-1.3866883762816145"},"telephone":[],"contactPoint":{"@type":"ContactPoint","telephone":"06 74 36 54 67","email":"surfingolfmoliets@gmail.com"},"openingHoursSpecification":[{"@type":"OpeningHoursSpecification","dayOfWeek":["Monday","Tuesday","Wednesday","Thursday","Friday","Saturday","Sunday"],"opens":"09:00","closes":"17:00"}],"vatID":"FR53504841396","taxID":"50484139600030"},{"@type":"Person","@id":"https:\/\/www.ecoledesurfdugolf.com\/#\/schema\/person\/f7c6bb018a7b7f42651f2b7700473f06","name":"Ec0l3duG0lf","image":{"@type":"ImageObject","inLanguage":"de","@id":"https:\/\/secure.gravatar.com\/avatar\/00243d0e292bf25c1a56206852fb872547e89f7b28e8db07bacc2d417dda934b?s=96&d=mm&r=g","url":"https:\/\/secure.gravatar.com\/avatar\/00243d0e292bf25c1a56206852fb872547e89f7b28e8db07bacc2d417dda934b?s=96&d=mm&r=g","contentUrl":"https:\/\/secure.gravatar.com\/avatar\/00243d0e292bf25c1a56206852fb872547e89f7b28e8db07bacc2d417dda934b?s=96&d=mm&r=g","caption":"Ec0l3duG0lf"},"url":"https:\/\/www.ecoledesurfdugolf.com\/de\/author\/ec0l3dug0lf\/"},{"@type":"PostalAddress","@id":"https:\/\/www.ecoledesurfdugolf.com\/eco-responsabilite-surf-moliets\/#local-main-place-address","streetAddress":"Rue Br\u00e9montier","addressLocality":"MOLIETS-ET-MAA","postalCode":"40660","addressCountry":"FR"},{"@type":"ImageObject","inLanguage":"de","@id":"https:\/\/www.ecoledesurfdugolf.com\/eco-responsabilite-surf-moliets\/#local-main-organization-logo","url":"https:\/\/www.ecoledesurfdugolf.com\/content\/uploads\/cropped-cropped-cropped-2_MSB3_blanc_color1_vide.png","contentUrl":"https:\/\/www.ecoledesurfdugolf.com\/content\/uploads\/cropped-cropped-cropped-2_MSB3_blanc_color1_vide.png","width":3610,"height":3610,"caption":"Ecole de surf du golf"}]},"geo.placename":"MOLIETS-ET-MAA","geo.position":{"lat":"43.843192972549225","long":"-1.3866883762816145"},"geo.region":"Frankreich"},"_links":{"self":[{"href":"https:\/\/www.ecoledesurfdugolf.com\/de\/wp-json\/wp\/v2\/pages\/105","targetHints":{"allow":["GET"]}}],"collection":[{"href":"https:\/\/www.ecoledesurfdugolf.com\/de\/wp-json\/wp\/v2\/pages"}],"about":[{"href":"https:\/\/www.ecoledesurfdugolf.com\/de\/wp-json\/wp\/v2\/types\/page"}],"author":[{"embeddable":true,"href":"https:\/\/www.ecoledesurfdugolf.com\/de\/wp-json\/wp\/v2\/users\/1"}],"replies":[{"embeddable":true,"href":"https:\/\/www.ecoledesurfdugolf.com\/de\/wp-json\/wp\/v2\/comments?post=105"}],"version-history":[{"count":142,"href":"https:\/\/www.ecoledesurfdugolf.com\/de\/wp-json\/wp\/v2\/pages\/105\/revisions"}],"predecessor-version":[{"id":3809,"href":"https:\/\/www.ecoledesurfdugolf.com\/de\/wp-json\/wp\/v2\/pages\/105\/revisions\/3809"}],"wp:featuredmedia":[{"embeddable":true,"href":"https:\/\/www.ecoledesurfdugolf.com\/de\/wp-json\/wp\/v2\/media\/164"}],"wp:attachment":[{"href":"https:\/\/www.ecoledesurfdugolf.com\/de\/wp-json\/wp\/v2\/media?parent=105"}],"curies":[{"name":"wp","href":"https:\/\/api.w.org\/{rel}","templated":true}]}}